{"id":832,"date":"2022-01-27T15:16:24","date_gmt":"2022-01-27T15:16:24","guid":{"rendered":"https:\/\/fundacjaczassztuki.com\/?page_id=832"},"modified":"2022-01-27T15:32:12","modified_gmt":"2022-01-27T15:32:12","slug":"festiwal-artystyczny-powiatu-minskiego","status":"publish","type":"page","link":"https:\/\/fundacjaczassztuki.com\/?page_id=832","title":{"rendered":"Festiwal Artystyczny Powiatu Mi\u0144skiego"},"content":{"rendered":"\t\t<div data-elementor-type=\"wp-page\" data-elementor-id=\"832\" class=\"elementor elementor-832\" data-elementor-settings=\"[]\">\n\t\t\t\t\t\t\t<div class=\"elementor-section-wrap\">\n\t\t\t\t\t\t\t<section class=\"elementor-section elementor-top-section elementor-element elementor-element-17476d31 elementor-section-boxed elementor-section-height-default elementor-section-height-default parallax_section_no qode_elementor_container_no\" data-id=\"17476d31\" data-element_type=\"section\">\n\t\t\t\t\t\t<div class=\"elementor-container elementor-column-gap-default\">\n\t\t\t\t\t<div class=\"elementor-column elementor-col-100 elementor-top-column elementor-element elementor-element-24ca34eb\" data-id=\"24ca34eb\" data-element_type=\"column\">\n\t\t\t<div class=\"elementor-widget-wrap elementor-element-populated\">\n\t\t\t\t\t\t\t\t<div class=\"elementor-element elementor-element-52703d39 elementor-widget elementor-widget-text-editor\" data-id=\"52703d39\" data-element_type=\"widget\" data-widget_type=\"text-editor.default\">\n\t\t\t\t<div class=\"elementor-widget-container\">\n\t\t\t<style>\/*! elementor - v3.5.4 - 23-01-2022 *\/\n.elementor-widget-text-editor.elementor-drop-cap-view-stacked .elementor-drop-cap{background-color:#818a91;color:#fff}.elementor-widget-text-editor.elementor-drop-cap-view-framed .elementor-drop-cap{color:#818a91;border:3px solid;background-color:transparent}.elementor-widget-text-editor:not(.elementor-drop-cap-view-default) .elementor-drop-cap{margin-top:8px}.elementor-widget-text-editor:not(.elementor-drop-cap-view-default) .elementor-drop-cap-letter{width:1em;height:1em}.elementor-widget-text-editor .elementor-drop-cap{float:left;text-align:center;line-height:1;font-size:50px}.elementor-widget-text-editor .elementor-drop-cap-letter{display:inline-block}<\/style>\t\t\t\t<p>Pierwsza edycja Festiwalu Artystycznego Powiatu Mi\u0144skiego odby\u0142a si\u0119\u00a0w 2021 roku. Festiwal mia\u0142 na celu organizacj\u0119 wydarze\u0144 artystycznych w ca\u0142ym powiecie mi\u0144skim &#8211; po jednym wydarzeniu w ka\u017cdej z trzynastu gmin powiatu mi\u0144skiego &#8211; czyli 13 wydarze\u0144 artystycznych w ramach ca\u0142ego Festiwalu. Opr\u00f3cz koncert\u00f3w muzyki klasycznej w ramach Festiwalu odby\u0142 si\u0119 warsztat muzyczny dla dzieci, warsztat muzyczny dla senior\u00f3w oraz spotkanie muzyczno-poetyckie. Festiwal b\u0119dzie si\u0119 odbywa\u0142 co dwa lata.<\/p>\t\t\t\t\t\t<\/div>\n\t\t\t\t<\/div>\n\t\t\t\t\t<\/div>\n\t\t<\/div>\n\t\t\t\t\t\t\t<\/div>\n\t\t<\/section>\n\t\t\t\t<section class=\"elementor-section elementor-top-section elementor-element elementor-element-935e74a elementor-section-boxed elementor-section-height-default elementor-section-height-default parallax_section_no qode_elementor_container_no\" data-id=\"935e74a\" data-element_type=\"section\">\n\t\t\t\t\t\t<div class=\"elementor-container elementor-column-gap-default\">\n\t\t\t\t\t<div class=\"elementor-column elementor-col-100 elementor-top-column elementor-element elementor-element-08c1bb7\" data-id=\"08c1bb7\" data-element_type=\"column\">\n\t\t\t<div class=\"elementor-widget-wrap elementor-element-populated\">\n\t\t\t\t\t\t\t\t<div class=\"elementor-element elementor-element-88d1658 elementor-widget elementor-widget-spacer\" data-id=\"88d1658\" data-element_type=\"widget\" data-widget_type=\"spacer.default\">\n\t\t\t\t<div class=\"elementor-widget-container\">\n\t\t\t\t\t<div class=\"elementor-spacer\">\n\t\t\t<div class=\"elementor-spacer-inner\"><\/div>\n\t\t<\/div>\n\t\t\t\t<\/div>\n\t\t\t\t<\/div>\n\t\t\t\t\t<\/div>\n\t\t<\/div>\n\t\t\t\t\t\t\t<\/div>\n\t\t<\/section>\n\t\t\t\t<section class=\"elementor-section elementor-top-section elementor-element elementor-element-652d28e elementor-section-boxed elementor-section-height-default elementor-section-height-default parallax_section_no qode_elementor_container_no\" data-id=\"652d28e\" data-element_type=\"section\">\n\t\t\t\t\t\t<div class=\"elementor-container elementor-column-gap-default\">\n\t\t\t\t\t<div class=\"elementor-column elementor-col-100 elementor-top-column elementor-element elementor-element-902f26f\" data-id=\"902f26f\" data-element_type=\"column\">\n\t\t\t<div class=\"elementor-widget-wrap elementor-element-populated\">\n\t\t\t\t\t\t\t\t<div class=\"elementor-element elementor-element-21f16d5 elementor-widget elementor-widget-qi_addons_for_elementor_image_gallery_pinterest\" data-id=\"21f16d5\" data-element_type=\"widget\" data-widget_type=\"qi_addons_for_elementor_image_gallery_pinterest.default\">\n\t\t\t\t<div class=\"elementor-widget-container\">\n\t\t\t<div class=\"qodef-shortcode qodef-m  qodef-qi-image-gallery-pinterest qodef-qi-fslightbox-popup qodef-popup-gallery qodef-image--hover-zoom  qodef-qi-grid qodef-layout--qi-masonry  qodef-col-num--3   qodef-responsive--predefined\">\n\t<div class=\"qodef-grid-inner\">\n\t\t\t<div class=\"qodef-qi-grid-masonry-sizer\"><\/div>\n<div class=\"qodef-e qodef-image-wrapper qodef-grid-item\">\n\t<div class=\"qodef-e-inner\">\n\t\t\t\t\t<a class=\"qodef-popup-item\" itemprop=\"image\" href=\"https:\/\/fundacjaczassztuki.com\/wp-content\/uploads\/2022\/01\/fapm-ogolny.png\" data-type=\"image\" data-fslightbox=\"gallery-687\">\n\t\t\t\t\t<img loading=\"lazy\" decoding=\"async\" width=\"1080\" height=\"764\" src=\"https:\/\/fundacjaczassztuki.com\/wp-content\/uploads\/2022\/01\/fapm-ogolny.png\" class=\"attachment-full size-full\" alt=\"Festiwal Artystyczny Powiatu Mi\u0144skiego\" srcset=\"https:\/\/fundacjaczassztuki.com\/wp-content\/uploads\/2022\/01\/fapm-ogolny.png 1080w, https:\/\/fundacjaczassztuki.com\/wp-content\/uploads\/2022\/01\/fapm-ogolny-300x212.png 300w, https:\/\/fundacjaczassztuki.com\/wp-content\/uploads\/2022\/01\/fapm-ogolny-1024x724.png 1024w, https:\/\/fundacjaczassztuki.com\/wp-content\/uploads\/2022\/01\/fapm-ogolny-768x543.png 768w, https:\/\/fundacjaczassztuki.com\/wp-content\/uploads\/2022\/01\/fapm-ogolny-700x495.png 700w\" sizes=\"auto, (max-width: 1080px) 100vw, 1080px\" \/>\t\t\t\t\t<\/a>\n\t\t\t<\/div>\n<\/div>\n<div class=\"qodef-e qodef-image-wrapper qodef-grid-item\">\n\t<div class=\"qodef-e-inner\">\n\t\t\t\t\t<a class=\"qodef-popup-item\" itemprop=\"image\" href=\"https:\/\/fundacjaczassztuki.com\/wp-content\/uploads\/2022\/01\/DSC00133.jpg\" data-type=\"image\" data-fslightbox=\"gallery-687\">\n\t\t\t\t\t<img loading=\"lazy\" decoding=\"async\" width=\"1244\" height=\"700\" src=\"https:\/\/fundacjaczassztuki.com\/wp-content\/uploads\/2022\/01\/DSC00133.jpg\" class=\"attachment-full size-full\" alt=\"\" srcset=\"https:\/\/fundacjaczassztuki.com\/wp-content\/uploads\/2022\/01\/DSC00133.jpg 1244w, https:\/\/fundacjaczassztuki.com\/wp-content\/uploads\/2022\/01\/DSC00133-300x169.jpg 300w, https:\/\/fundacjaczassztuki.com\/wp-content\/uploads\/2022\/01\/DSC00133-1024x576.jpg 1024w, https:\/\/fundacjaczassztuki.com\/wp-content\/uploads\/2022\/01\/DSC00133-768x432.jpg 768w, https:\/\/fundacjaczassztuki.com\/wp-content\/uploads\/2022\/01\/DSC00133-700x394.jpg 700w, https:\/\/fundacjaczassztuki.com\/wp-content\/uploads\/2022\/01\/DSC00133-539x303.jpg 539w\" sizes=\"auto, (max-width: 1244px) 100vw, 1244px\" \/>\t\t\t\t\t<\/a>\n\t\t\t<\/div>\n<\/div>\n<div class=\"qodef-e qodef-image-wrapper qodef-grid-item\">\n\t<div class=\"qodef-e-inner\">\n\t\t\t\t\t<a class=\"qodef-popup-item\" itemprop=\"image\" href=\"https:\/\/fundacjaczassztuki.com\/wp-content\/uploads\/2022\/01\/DSC00143.jpg\" data-type=\"image\" data-fslightbox=\"gallery-687\">\n\t\t\t\t\t<img loading=\"lazy\" decoding=\"async\" width=\"1244\" height=\"700\" src=\"https:\/\/fundacjaczassztuki.com\/wp-content\/uploads\/2022\/01\/DSC00143.jpg\" class=\"attachment-full size-full\" alt=\"\" srcset=\"https:\/\/fundacjaczassztuki.com\/wp-content\/uploads\/2022\/01\/DSC00143.jpg 1244w, https:\/\/fundacjaczassztuki.com\/wp-content\/uploads\/2022\/01\/DSC00143-300x169.jpg 300w, https:\/\/fundacjaczassztuki.com\/wp-content\/uploads\/2022\/01\/DSC00143-1024x576.jpg 1024w, https:\/\/fundacjaczassztuki.com\/wp-content\/uploads\/2022\/01\/DSC00143-768x432.jpg 768w, https:\/\/fundacjaczassztuki.com\/wp-content\/uploads\/2022\/01\/DSC00143-700x394.jpg 700w, https:\/\/fundacjaczassztuki.com\/wp-content\/uploads\/2022\/01\/DSC00143-539x303.jpg 539w\" sizes=\"auto, (max-width: 1244px) 100vw, 1244px\" \/>\t\t\t\t\t<\/a>\n\t\t\t<\/div>\n<\/div>\n<div class=\"qodef-e qodef-image-wrapper qodef-grid-item\">\n\t<div class=\"qodef-e-inner\">\n\t\t\t\t\t<a class=\"qodef-popup-item\" itemprop=\"image\" href=\"https:\/\/fundacjaczassztuki.com\/wp-content\/uploads\/2022\/01\/fapm.jpg\" data-type=\"image\" data-fslightbox=\"gallery-687\">\n\t\t\t\t\t<img loading=\"lazy\" decoding=\"async\" width=\"1780\" height=\"1335\" src=\"https:\/\/fundacjaczassztuki.com\/wp-content\/uploads\/2022\/01\/fapm.jpg\" class=\"attachment-full size-full\" alt=\"\" srcset=\"https:\/\/fundacjaczassztuki.com\/wp-content\/uploads\/2022\/01\/fapm.jpg 1780w, https:\/\/fundacjaczassztuki.com\/wp-content\/uploads\/2022\/01\/fapm-300x225.jpg 300w, https:\/\/fundacjaczassztuki.com\/wp-content\/uploads\/2022\/01\/fapm-1024x768.jpg 1024w, https:\/\/fundacjaczassztuki.com\/wp-content\/uploads\/2022\/01\/fapm-768x576.jpg 768w, https:\/\/fundacjaczassztuki.com\/wp-content\/uploads\/2022\/01\/fapm-1536x1152.jpg 1536w, https:\/\/fundacjaczassztuki.com\/wp-content\/uploads\/2022\/01\/fapm-800x600.jpg 800w, https:\/\/fundacjaczassztuki.com\/wp-content\/uploads\/2022\/01\/fapm-700x525.jpg 700w\" sizes=\"auto, (max-width: 1780px) 100vw, 1780px\" \/>\t\t\t\t\t<\/a>\n\t\t\t<\/div>\n<\/div>\n<div class=\"qodef-e qodef-image-wrapper qodef-grid-item\">\n\t<div class=\"qodef-e-inner\">\n\t\t\t\t\t<a class=\"qodef-popup-item\" itemprop=\"image\" href=\"https:\/\/fundacjaczassztuki.com\/wp-content\/uploads\/2022\/01\/fapm1.jpg\" data-type=\"image\" data-fslightbox=\"gallery-687\">\n\t\t\t\t\t<img loading=\"lazy\" decoding=\"async\" width=\"1780\" height=\"1335\" src=\"https:\/\/fundacjaczassztuki.com\/wp-content\/uploads\/2022\/01\/fapm1.jpg\" class=\"attachment-full size-full\" alt=\"\" srcset=\"https:\/\/fundacjaczassztuki.com\/wp-content\/uploads\/2022\/01\/fapm1.jpg 1780w, https:\/\/fundacjaczassztuki.com\/wp-content\/uploads\/2022\/01\/fapm1-300x225.jpg 300w, https:\/\/fundacjaczassztuki.com\/wp-content\/uploads\/2022\/01\/fapm1-1024x768.jpg 1024w, https:\/\/fundacjaczassztuki.com\/wp-content\/uploads\/2022\/01\/fapm1-768x576.jpg 768w, https:\/\/fundacjaczassztuki.com\/wp-content\/uploads\/2022\/01\/fapm1-1536x1152.jpg 1536w, https:\/\/fundacjaczassztuki.com\/wp-content\/uploads\/2022\/01\/fapm1-800x600.jpg 800w, https:\/\/fundacjaczassztuki.com\/wp-content\/uploads\/2022\/01\/fapm1-700x525.jpg 700w\" sizes=\"auto, (max-width: 1780px) 100vw, 1780px\" \/>\t\t\t\t\t<\/a>\n\t\t\t<\/div>\n<\/div>\n<div class=\"qodef-e qodef-image-wrapper qodef-grid-item\">\n\t<div class=\"qodef-e-inner\">\n\t\t\t\t\t<a class=\"qodef-popup-item\" itemprop=\"image\" href=\"https:\/\/fundacjaczassztuki.com\/wp-content\/uploads\/2022\/01\/fapm2.jpg\" data-type=\"image\" data-fslightbox=\"gallery-687\">\n\t\t\t\t\t<img loading=\"lazy\" decoding=\"async\" width=\"2048\" height=\"1152\" src=\"https:\/\/fundacjaczassztuki.com\/wp-content\/uploads\/2022\/01\/fapm2.jpg\" class=\"attachment-full size-full\" alt=\"\" srcset=\"https:\/\/fundacjaczassztuki.com\/wp-content\/uploads\/2022\/01\/fapm2.jpg 2048w, https:\/\/fundacjaczassztuki.com\/wp-content\/uploads\/2022\/01\/fapm2-300x169.jpg 300w, https:\/\/fundacjaczassztuki.com\/wp-content\/uploads\/2022\/01\/fapm2-1024x576.jpg 1024w, https:\/\/fundacjaczassztuki.com\/wp-content\/uploads\/2022\/01\/fapm2-768x432.jpg 768w, https:\/\/fundacjaczassztuki.com\/wp-content\/uploads\/2022\/01\/fapm2-1536x864.jpg 1536w, https:\/\/fundacjaczassztuki.com\/wp-content\/uploads\/2022\/01\/fapm2-700x394.jpg 700w, https:\/\/fundacjaczassztuki.com\/wp-content\/uploads\/2022\/01\/fapm2-539x303.jpg 539w\" sizes=\"auto, (max-width: 2048px) 100vw, 2048px\" \/>\t\t\t\t\t<\/a>\n\t\t\t<\/div>\n<\/div>\n<div class=\"qodef-e qodef-image-wrapper qodef-grid-item\">\n\t<div class=\"qodef-e-inner\">\n\t\t\t\t\t<a class=\"qodef-popup-item\" itemprop=\"image\" href=\"https:\/\/fundacjaczassztuki.com\/wp-content\/uploads\/2022\/01\/fapm3.jpg\" data-type=\"image\" data-fslightbox=\"gallery-687\">\n\t\t\t\t\t<img loading=\"lazy\" decoding=\"async\" width=\"2048\" height=\"1152\" src=\"https:\/\/fundacjaczassztuki.com\/wp-content\/uploads\/2022\/01\/fapm3.jpg\" class=\"attachment-full size-full\" alt=\"\" srcset=\"https:\/\/fundacjaczassztuki.com\/wp-content\/uploads\/2022\/01\/fapm3.jpg 2048w, https:\/\/fundacjaczassztuki.com\/wp-content\/uploads\/2022\/01\/fapm3-300x169.jpg 300w, https:\/\/fundacjaczassztuki.com\/wp-content\/uploads\/2022\/01\/fapm3-1024x576.jpg 1024w, https:\/\/fundacjaczassztuki.com\/wp-content\/uploads\/2022\/01\/fapm3-768x432.jpg 768w, https:\/\/fundacjaczassztuki.com\/wp-content\/uploads\/2022\/01\/fapm3-1536x864.jpg 1536w, https:\/\/fundacjaczassztuki.com\/wp-content\/uploads\/2022\/01\/fapm3-700x394.jpg 700w, https:\/\/fundacjaczassztuki.com\/wp-content\/uploads\/2022\/01\/fapm3-539x303.jpg 539w\" sizes=\"auto, (max-width: 2048px) 100vw, 2048px\" \/>\t\t\t\t\t<\/a>\n\t\t\t<\/div>\n<\/div>\n<div class=\"qodef-e qodef-image-wrapper qodef-grid-item\">\n\t<div class=\"qodef-e-inner\">\n\t\t\t\t\t<a class=\"qodef-popup-item\" itemprop=\"image\" href=\"https:\/\/fundacjaczassztuki.com\/wp-content\/uploads\/2022\/01\/fapm4.jpg\" data-type=\"image\" data-fslightbox=\"gallery-687\">\n\t\t\t\t\t<img loading=\"lazy\" decoding=\"async\" width=\"2048\" height=\"1152\" src=\"https:\/\/fundacjaczassztuki.com\/wp-content\/uploads\/2022\/01\/fapm4.jpg\" class=\"attachment-full size-full\" alt=\"\" srcset=\"https:\/\/fundacjaczassztuki.com\/wp-content\/uploads\/2022\/01\/fapm4.jpg 2048w, https:\/\/fundacjaczassztuki.com\/wp-content\/uploads\/2022\/01\/fapm4-300x169.jpg 300w, https:\/\/fundacjaczassztuki.com\/wp-content\/uploads\/2022\/01\/fapm4-1024x576.jpg 1024w, https:\/\/fundacjaczassztuki.com\/wp-content\/uploads\/2022\/01\/fapm4-768x432.jpg 768w, https:\/\/fundacjaczassztuki.com\/wp-content\/uploads\/2022\/01\/fapm4-1536x864.jpg 1536w, https:\/\/fundacjaczassztuki.com\/wp-content\/uploads\/2022\/01\/fapm4-700x394.jpg 700w, https:\/\/fundacjaczassztuki.com\/wp-content\/uploads\/2022\/01\/fapm4-539x303.jpg 539w\" sizes=\"auto, (max-width: 2048px) 100vw, 2048px\" \/>\t\t\t\t\t<\/a>\n\t\t\t<\/div>\n<\/div>\n<div class=\"qodef-e qodef-image-wrapper qodef-grid-item\">\n\t<div class=\"qodef-e-inner\">\n\t\t\t\t\t<a class=\"qodef-popup-item\" itemprop=\"image\" href=\"https:\/\/fundacjaczassztuki.com\/wp-content\/uploads\/2022\/01\/fapm5.jpg\" data-type=\"image\" data-fslightbox=\"gallery-687\">\n\t\t\t\t\t<img loading=\"lazy\" decoding=\"async\" width=\"2048\" height=\"1152\" src=\"https:\/\/fundacjaczassztuki.com\/wp-content\/uploads\/2022\/01\/fapm5.jpg\" class=\"attachment-full size-full\" alt=\"\" srcset=\"https:\/\/fundacjaczassztuki.com\/wp-content\/uploads\/2022\/01\/fapm5.jpg 2048w, https:\/\/fundacjaczassztuki.com\/wp-content\/uploads\/2022\/01\/fapm5-300x169.jpg 300w, https:\/\/fundacjaczassztuki.com\/wp-content\/uploads\/2022\/01\/fapm5-1024x576.jpg 1024w, https:\/\/fundacjaczassztuki.com\/wp-content\/uploads\/2022\/01\/fapm5-768x432.jpg 768w, https:\/\/fundacjaczassztuki.com\/wp-content\/uploads\/2022\/01\/fapm5-1536x864.jpg 1536w, https:\/\/fundacjaczassztuki.com\/wp-content\/uploads\/2022\/01\/fapm5-700x394.jpg 700w, https:\/\/fundacjaczassztuki.com\/wp-content\/uploads\/2022\/01\/fapm5-539x303.jpg 539w\" sizes=\"auto, (max-width: 2048px) 100vw, 2048px\" \/>\t\t\t\t\t<\/a>\n\t\t\t<\/div>\n<\/div>\n<div class=\"qodef-e qodef-image-wrapper qodef-grid-item\">\n\t<div class=\"qodef-e-inner\">\n\t\t\t\t\t<a class=\"qodef-popup-item\" itemprop=\"image\" href=\"https:\/\/fundacjaczassztuki.com\/wp-content\/uploads\/2022\/01\/fapm6.jpg\" data-type=\"image\" data-fslightbox=\"gallery-687\">\n\t\t\t\t\t<img loading=\"lazy\" decoding=\"async\" width=\"2048\" height=\"1536\" src=\"https:\/\/fundacjaczassztuki.com\/wp-content\/uploads\/2022\/01\/fapm6.jpg\" class=\"attachment-full size-full\" alt=\"\" srcset=\"https:\/\/fundacjaczassztuki.com\/wp-content\/uploads\/2022\/01\/fapm6.jpg 2048w, https:\/\/fundacjaczassztuki.com\/wp-content\/uploads\/2022\/01\/fapm6-300x225.jpg 300w, https:\/\/fundacjaczassztuki.com\/wp-content\/uploads\/2022\/01\/fapm6-1024x768.jpg 1024w, https:\/\/fundacjaczassztuki.com\/wp-content\/uploads\/2022\/01\/fapm6-768x576.jpg 768w, https:\/\/fundacjaczassztuki.com\/wp-content\/uploads\/2022\/01\/fapm6-1536x1152.jpg 1536w, https:\/\/fundacjaczassztuki.com\/wp-content\/uploads\/2022\/01\/fapm6-800x600.jpg 800w, https:\/\/fundacjaczassztuki.com\/wp-content\/uploads\/2022\/01\/fapm6-700x525.jpg 700w\" sizes=\"auto, (max-width: 2048px) 100vw, 2048px\" \/>\t\t\t\t\t<\/a>\n\t\t\t<\/div>\n<\/div>\n<div class=\"qodef-e qodef-image-wrapper qodef-grid-item\">\n\t<div class=\"qodef-e-inner\">\n\t\t\t\t\t<a class=\"qodef-popup-item\" itemprop=\"image\" href=\"https:\/\/fundacjaczassztuki.com\/wp-content\/uploads\/2022\/01\/fapm7.jpg\" data-type=\"image\" data-fslightbox=\"gallery-687\">\n\t\t\t\t\t<img loading=\"lazy\" decoding=\"async\" width=\"2048\" height=\"1536\" src=\"https:\/\/fundacjaczassztuki.com\/wp-content\/uploads\/2022\/01\/fapm7.jpg\" class=\"attachment-full size-full\" alt=\"\" srcset=\"https:\/\/fundacjaczassztuki.com\/wp-content\/uploads\/2022\/01\/fapm7.jpg 2048w, https:\/\/fundacjaczassztuki.com\/wp-content\/uploads\/2022\/01\/fapm7-300x225.jpg 300w, https:\/\/fundacjaczassztuki.com\/wp-content\/uploads\/2022\/01\/fapm7-1024x768.jpg 1024w, https:\/\/fundacjaczassztuki.com\/wp-content\/uploads\/2022\/01\/fapm7-768x576.jpg 768w, https:\/\/fundacjaczassztuki.com\/wp-content\/uploads\/2022\/01\/fapm7-1536x1152.jpg 1536w, https:\/\/fundacjaczassztuki.com\/wp-content\/uploads\/2022\/01\/fapm7-800x600.jpg 800w, https:\/\/fundacjaczassztuki.com\/wp-content\/uploads\/2022\/01\/fapm7-700x525.jpg 700w\" sizes=\"auto, (max-width: 2048px) 100vw, 2048px\" \/>\t\t\t\t\t<\/a>\n\t\t\t<\/div>\n<\/div>\n<div class=\"qodef-e qodef-image-wrapper qodef-grid-item\">\n\t<div class=\"qodef-e-inner\">\n\t\t\t\t\t<a class=\"qodef-popup-item\" itemprop=\"image\" href=\"https:\/\/fundacjaczassztuki.com\/wp-content\/uploads\/2022\/01\/fapm8.jpg\" data-type=\"image\" data-fslightbox=\"gallery-687\">\n\t\t\t\t\t<img loading=\"lazy\" decoding=\"async\" width=\"2048\" height=\"1536\" src=\"https:\/\/fundacjaczassztuki.com\/wp-content\/uploads\/2022\/01\/fapm8.jpg\" class=\"attachment-full size-full\" alt=\"\" srcset=\"https:\/\/fundacjaczassztuki.com\/wp-content\/uploads\/2022\/01\/fapm8.jpg 2048w, https:\/\/fundacjaczassztuki.com\/wp-content\/uploads\/2022\/01\/fapm8-300x225.jpg 300w, https:\/\/fundacjaczassztuki.com\/wp-content\/uploads\/2022\/01\/fapm8-1024x768.jpg 1024w, https:\/\/fundacjaczassztuki.com\/wp-content\/uploads\/2022\/01\/fapm8-768x576.jpg 768w, https:\/\/fundacjaczassztuki.com\/wp-content\/uploads\/2022\/01\/fapm8-1536x1152.jpg 1536w, https:\/\/fundacjaczassztuki.com\/wp-content\/uploads\/2022\/01\/fapm8-800x600.jpg 800w, https:\/\/fundacjaczassztuki.com\/wp-content\/uploads\/2022\/01\/fapm8-700x525.jpg 700w\" sizes=\"auto, (max-width: 2048px) 100vw, 2048px\" \/>\t\t\t\t\t<\/a>\n\t\t\t<\/div>\n<\/div>\n<div class=\"qodef-e qodef-image-wrapper qodef-grid-item\">\n\t<div class=\"qodef-e-inner\">\n\t\t\t\t\t<a class=\"qodef-popup-item\" itemprop=\"image\" href=\"https:\/\/fundacjaczassztuki.com\/wp-content\/uploads\/2022\/01\/fapm9.jpg\" data-type=\"image\" data-fslightbox=\"gallery-687\">\n\t\t\t\t\t<img loading=\"lazy\" decoding=\"async\" width=\"2048\" height=\"1536\" src=\"https:\/\/fundacjaczassztuki.com\/wp-content\/uploads\/2022\/01\/fapm9.jpg\" class=\"attachment-full size-full\" alt=\"\" srcset=\"https:\/\/fundacjaczassztuki.com\/wp-content\/uploads\/2022\/01\/fapm9.jpg 2048w, https:\/\/fundacjaczassztuki.com\/wp-content\/uploads\/2022\/01\/fapm9-300x225.jpg 300w, https:\/\/fundacjaczassztuki.com\/wp-content\/uploads\/2022\/01\/fapm9-1024x768.jpg 1024w, https:\/\/fundacjaczassztuki.com\/wp-content\/uploads\/2022\/01\/fapm9-768x576.jpg 768w, https:\/\/fundacjaczassztuki.com\/wp-content\/uploads\/2022\/01\/fapm9-1536x1152.jpg 1536w, https:\/\/fundacjaczassztuki.com\/wp-content\/uploads\/2022\/01\/fapm9-800x600.jpg 800w, https:\/\/fundacjaczassztuki.com\/wp-content\/uploads\/2022\/01\/fapm9-700x525.jpg 700w\" sizes=\"auto, (max-width: 2048px) 100vw, 2048px\" \/>\t\t\t\t\t<\/a>\n\t\t\t<\/div>\n<\/div>\n<div class=\"qodef-e qodef-image-wrapper qodef-grid-item\">\n\t<div class=\"qodef-e-inner\">\n\t\t\t\t\t<a class=\"qodef-popup-item\" itemprop=\"image\" href=\"https:\/\/fundacjaczassztuki.com\/wp-content\/uploads\/2022\/01\/fapm10.jpg\" data-type=\"image\" data-fslightbox=\"gallery-687\">\n\t\t\t\t\t<img loading=\"lazy\" decoding=\"async\" width=\"945\" height=\"2048\" src=\"https:\/\/fundacjaczassztuki.com\/wp-content\/uploads\/2022\/01\/fapm10.jpg\" class=\"attachment-full size-full\" alt=\"\" srcset=\"https:\/\/fundacjaczassztuki.com\/wp-content\/uploads\/2022\/01\/fapm10.jpg 945w, https:\/\/fundacjaczassztuki.com\/wp-content\/uploads\/2022\/01\/fapm10-138x300.jpg 138w, https:\/\/fundacjaczassztuki.com\/wp-content\/uploads\/2022\/01\/fapm10-473x1024.jpg 473w, https:\/\/fundacjaczassztuki.com\/wp-content\/uploads\/2022\/01\/fapm10-768x1664.jpg 768w, https:\/\/fundacjaczassztuki.com\/wp-content\/uploads\/2022\/01\/fapm10-709x1536.jpg 709w, https:\/\/fundacjaczassztuki.com\/wp-content\/uploads\/2022\/01\/fapm10-700x1517.jpg 700w\" sizes=\"auto, (max-width: 945px) 100vw, 945px\" \/>\t\t\t\t\t<\/a>\n\t\t\t<\/div>\n<\/div>\n<div class=\"qodef-e qodef-image-wrapper qodef-grid-item\">\n\t<div class=\"qodef-e-inner\">\n\t\t\t\t\t<a class=\"qodef-popup-item\" itemprop=\"image\" href=\"https:\/\/fundacjaczassztuki.com\/wp-content\/uploads\/2022\/01\/fapm11.jpg\" data-type=\"image\" data-fslightbox=\"gallery-687\">\n\t\t\t\t\t<img loading=\"lazy\" decoding=\"async\" width=\"2048\" height=\"1536\" src=\"https:\/\/fundacjaczassztuki.com\/wp-content\/uploads\/2022\/01\/fapm11.jpg\" class=\"attachment-full size-full\" alt=\"\" srcset=\"https:\/\/fundacjaczassztuki.com\/wp-content\/uploads\/2022\/01\/fapm11.jpg 2048w, https:\/\/fundacjaczassztuki.com\/wp-content\/uploads\/2022\/01\/fapm11-300x225.jpg 300w, https:\/\/fundacjaczassztuki.com\/wp-content\/uploads\/2022\/01\/fapm11-1024x768.jpg 1024w, https:\/\/fundacjaczassztuki.com\/wp-content\/uploads\/2022\/01\/fapm11-768x576.jpg 768w, https:\/\/fundacjaczassztuki.com\/wp-content\/uploads\/2022\/01\/fapm11-1536x1152.jpg 1536w, https:\/\/fundacjaczassztuki.com\/wp-content\/uploads\/2022\/01\/fapm11-800x600.jpg 800w, https:\/\/fundacjaczassztuki.com\/wp-content\/uploads\/2022\/01\/fapm11-700x525.jpg 700w\" sizes=\"auto, (max-width: 2048px) 100vw, 2048px\" \/>\t\t\t\t\t<\/a>\n\t\t\t<\/div>\n<\/div>\n<div class=\"qodef-e qodef-image-wrapper qodef-grid-item\">\n\t<div class=\"qodef-e-inner\">\n\t\t\t\t\t<a class=\"qodef-popup-item\" itemprop=\"image\" href=\"https:\/\/fundacjaczassztuki.com\/wp-content\/uploads\/2022\/01\/fapm12.jpg\" data-type=\"image\" data-fslightbox=\"gallery-687\">\n\t\t\t\t\t<img loading=\"lazy\" decoding=\"async\" width=\"2003\" height=\"1500\" src=\"https:\/\/fundacjaczassztuki.com\/wp-content\/uploads\/2022\/01\/fapm12.jpg\" class=\"attachment-full size-full\" alt=\"\" srcset=\"https:\/\/fundacjaczassztuki.com\/wp-content\/uploads\/2022\/01\/fapm12.jpg 2003w, https:\/\/fundacjaczassztuki.com\/wp-content\/uploads\/2022\/01\/fapm12-300x225.jpg 300w, https:\/\/fundacjaczassztuki.com\/wp-content\/uploads\/2022\/01\/fapm12-1024x767.jpg 1024w, https:\/\/fundacjaczassztuki.com\/wp-content\/uploads\/2022\/01\/fapm12-768x575.jpg 768w, https:\/\/fundacjaczassztuki.com\/wp-content\/uploads\/2022\/01\/fapm12-1536x1150.jpg 1536w, https:\/\/fundacjaczassztuki.com\/wp-content\/uploads\/2022\/01\/fapm12-800x600.jpg 800w, https:\/\/fundacjaczassztuki.com\/wp-content\/uploads\/2022\/01\/fapm12-700x524.jpg 700w\" sizes=\"auto, (max-width: 2003px) 100vw, 2003px\" \/>\t\t\t\t\t<\/a>\n\t\t\t<\/div>\n<\/div>\n<div class=\"qodef-e qodef-image-wrapper qodef-grid-item\">\n\t<div class=\"qodef-e-inner\">\n\t\t\t\t\t<a class=\"qodef-popup-item\" itemprop=\"image\" href=\"https:\/\/fundacjaczassztuki.com\/wp-content\/uploads\/2022\/01\/fapm14.jpg\" data-type=\"image\" data-fslightbox=\"gallery-687\">\n\t\t\t\t\t<img loading=\"lazy\" decoding=\"async\" width=\"2000\" height=\"1500\" src=\"https:\/\/fundacjaczassztuki.com\/wp-content\/uploads\/2022\/01\/fapm14.jpg\" class=\"attachment-full size-full\" alt=\"\" srcset=\"https:\/\/fundacjaczassztuki.com\/wp-content\/uploads\/2022\/01\/fapm14.jpg 2000w, https:\/\/fundacjaczassztuki.com\/wp-content\/uploads\/2022\/01\/fapm14-300x225.jpg 300w, https:\/\/fundacjaczassztuki.com\/wp-content\/uploads\/2022\/01\/fapm14-1024x768.jpg 1024w, https:\/\/fundacjaczassztuki.com\/wp-content\/uploads\/2022\/01\/fapm14-768x576.jpg 768w, https:\/\/fundacjaczassztuki.com\/wp-content\/uploads\/2022\/01\/fapm14-1536x1152.jpg 1536w, https:\/\/fundacjaczassztuki.com\/wp-content\/uploads\/2022\/01\/fapm14-800x600.jpg 800w, https:\/\/fundacjaczassztuki.com\/wp-content\/uploads\/2022\/01\/fapm14-700x525.jpg 700w\" sizes=\"auto, (max-width: 2000px) 100vw, 2000px\" \/>\t\t\t\t\t<\/a>\n\t\t\t<\/div>\n<\/div>\n<div class=\"qodef-e qodef-image-wrapper qodef-grid-item\">\n\t<div class=\"qodef-e-inner\">\n\t\t\t\t\t<a class=\"qodef-popup-item\" itemprop=\"image\" href=\"https:\/\/fundacjaczassztuki.com\/wp-content\/uploads\/2022\/01\/fapm15.jpg\" data-type=\"image\" data-fslightbox=\"gallery-687\">\n\t\t\t\t\t<img loading=\"lazy\" decoding=\"async\" width=\"2000\" height=\"1125\" src=\"https:\/\/fundacjaczassztuki.com\/wp-content\/uploads\/2022\/01\/fapm15.jpg\" class=\"attachment-full size-full\" alt=\"\" srcset=\"https:\/\/fundacjaczassztuki.com\/wp-content\/uploads\/2022\/01\/fapm15.jpg 2000w, https:\/\/fundacjaczassztuki.com\/wp-content\/uploads\/2022\/01\/fapm15-300x169.jpg 300w, https:\/\/fundacjaczassztuki.com\/wp-content\/uploads\/2022\/01\/fapm15-1024x576.jpg 1024w, https:\/\/fundacjaczassztuki.com\/wp-content\/uploads\/2022\/01\/fapm15-768x432.jpg 768w, https:\/\/fundacjaczassztuki.com\/wp-content\/uploads\/2022\/01\/fapm15-1536x864.jpg 1536w, https:\/\/fundacjaczassztuki.com\/wp-content\/uploads\/2022\/01\/fapm15-700x394.jpg 700w, https:\/\/fundacjaczassztuki.com\/wp-content\/uploads\/2022\/01\/fapm15-539x303.jpg 539w\" sizes=\"auto, (max-width: 2000px) 100vw, 2000px\" \/>\t\t\t\t\t<\/a>\n\t\t\t<\/div>\n<\/div>\n<div class=\"qodef-e qodef-image-wrapper qodef-grid-item\">\n\t<div class=\"qodef-e-inner\">\n\t\t\t\t\t<a class=\"qodef-popup-item\" itemprop=\"image\" href=\"https:\/\/fundacjaczassztuki.com\/wp-content\/uploads\/2022\/01\/fapm16.jpg\" data-type=\"image\" data-fslightbox=\"gallery-687\">\n\t\t\t\t\t<img loading=\"lazy\" decoding=\"async\" width=\"2048\" height=\"1536\" src=\"https:\/\/fundacjaczassztuki.com\/wp-content\/uploads\/2022\/01\/fapm16.jpg\" class=\"attachment-full size-full\" alt=\"\" srcset=\"https:\/\/fundacjaczassztuki.com\/wp-content\/uploads\/2022\/01\/fapm16.jpg 2048w, https:\/\/fundacjaczassztuki.com\/wp-content\/uploads\/2022\/01\/fapm16-300x225.jpg 300w, https:\/\/fundacjaczassztuki.com\/wp-content\/uploads\/2022\/01\/fapm16-1024x768.jpg 1024w, https:\/\/fundacjaczassztuki.com\/wp-content\/uploads\/2022\/01\/fapm16-768x576.jpg 768w, https:\/\/fundacjaczassztuki.com\/wp-content\/uploads\/2022\/01\/fapm16-1536x1152.jpg 1536w, https:\/\/fundacjaczassztuki.com\/wp-content\/uploads\/2022\/01\/fapm16-800x600.jpg 800w, https:\/\/fundacjaczassztuki.com\/wp-content\/uploads\/2022\/01\/fapm16-700x525.jpg 700w\" sizes=\"auto, (max-width: 2048px) 100vw, 2048px\" \/>\t\t\t\t\t<\/a>\n\t\t\t<\/div>\n<\/div>\n<div class=\"qodef-e qodef-image-wrapper qodef-grid-item\">\n\t<div class=\"qodef-e-inner\">\n\t\t\t\t\t<a class=\"qodef-popup-item\" itemprop=\"image\" href=\"https:\/\/fundacjaczassztuki.com\/wp-content\/uploads\/2022\/01\/fapm17.jpg\" data-type=\"image\" data-fslightbox=\"gallery-687\">\n\t\t\t\t\t<img loading=\"lazy\" decoding=\"async\" width=\"960\" height=\"720\" src=\"https:\/\/fundacjaczassztuki.com\/wp-content\/uploads\/2022\/01\/fapm17.jpg\" class=\"attachment-full size-full\" alt=\"\" srcset=\"https:\/\/fundacjaczassztuki.com\/wp-content\/uploads\/2022\/01\/fapm17.jpg 960w, https:\/\/fundacjaczassztuki.com\/wp-content\/uploads\/2022\/01\/fapm17-300x225.jpg 300w, https:\/\/fundacjaczassztuki.com\/wp-content\/uploads\/2022\/01\/fapm17-768x576.jpg 768w, https:\/\/fundacjaczassztuki.com\/wp-content\/uploads\/2022\/01\/fapm17-800x600.jpg 800w, https:\/\/fundacjaczassztuki.com\/wp-content\/uploads\/2022\/01\/fapm17-700x525.jpg 700w\" sizes=\"auto, (max-width: 960px) 100vw, 960px\" \/>\t\t\t\t\t<\/a>\n\t\t\t<\/div>\n<\/div>\n<div class=\"qodef-e qodef-image-wrapper qodef-grid-item\">\n\t<div class=\"qodef-e-inner\">\n\t\t\t\t\t<a class=\"qodef-popup-item\" itemprop=\"image\" href=\"https:\/\/fundacjaczassztuki.com\/wp-content\/uploads\/2022\/01\/fapm18.jpg\" data-type=\"image\" data-fslightbox=\"gallery-687\">\n\t\t\t\t\t<img loading=\"lazy\" decoding=\"async\" width=\"1824\" height=\"1450\" src=\"https:\/\/fundacjaczassztuki.com\/wp-content\/uploads\/2022\/01\/fapm18.jpg\" class=\"attachment-full size-full\" alt=\"\" srcset=\"https:\/\/fundacjaczassztuki.com\/wp-content\/uploads\/2022\/01\/fapm18.jpg 1824w, https:\/\/fundacjaczassztuki.com\/wp-content\/uploads\/2022\/01\/fapm18-300x238.jpg 300w, https:\/\/fundacjaczassztuki.com\/wp-content\/uploads\/2022\/01\/fapm18-1024x814.jpg 1024w, https:\/\/fundacjaczassztuki.com\/wp-content\/uploads\/2022\/01\/fapm18-768x611.jpg 768w, https:\/\/fundacjaczassztuki.com\/wp-content\/uploads\/2022\/01\/fapm18-1536x1221.jpg 1536w, https:\/\/fundacjaczassztuki.com\/wp-content\/uploads\/2022\/01\/fapm18-700x556.jpg 700w\" sizes=\"auto, (max-width: 1824px) 100vw, 1824px\" \/>\t\t\t\t\t<\/a>\n\t\t\t<\/div>\n<\/div>\n<div class=\"qodef-e qodef-image-wrapper qodef-grid-item\">\n\t<div class=\"qodef-e-inner\">\n\t\t\t\t\t<a class=\"qodef-popup-item\" itemprop=\"image\" href=\"https:\/\/fundacjaczassztuki.com\/wp-content\/uploads\/2022\/01\/fapm19.jpg\" data-type=\"image\" data-fslightbox=\"gallery-687\">\n\t\t\t\t\t<img loading=\"lazy\" decoding=\"async\" width=\"1936\" height=\"1158\" src=\"https:\/\/fundacjaczassztuki.com\/wp-content\/uploads\/2022\/01\/fapm19.jpg\" class=\"attachment-full size-full\" alt=\"\" srcset=\"https:\/\/fundacjaczassztuki.com\/wp-content\/uploads\/2022\/01\/fapm19.jpg 1936w, https:\/\/fundacjaczassztuki.com\/wp-content\/uploads\/2022\/01\/fapm19-300x179.jpg 300w, https:\/\/fundacjaczassztuki.com\/wp-content\/uploads\/2022\/01\/fapm19-1024x612.jpg 1024w, https:\/\/fundacjaczassztuki.com\/wp-content\/uploads\/2022\/01\/fapm19-768x459.jpg 768w, https:\/\/fundacjaczassztuki.com\/wp-content\/uploads\/2022\/01\/fapm19-1536x919.jpg 1536w, https:\/\/fundacjaczassztuki.com\/wp-content\/uploads\/2022\/01\/fapm19-700x419.jpg 700w\" sizes=\"auto, (max-width: 1936px) 100vw, 1936px\" \/>\t\t\t\t\t<\/a>\n\t\t\t<\/div>\n<\/div>\n<div class=\"qodef-e qodef-image-wrapper qodef-grid-item\">\n\t<div class=\"qodef-e-inner\">\n\t\t\t\t\t<a class=\"qodef-popup-item\" itemprop=\"image\" href=\"https:\/\/fundacjaczassztuki.com\/wp-content\/uploads\/2022\/01\/fapm20.jpg\" data-type=\"image\" data-fslightbox=\"gallery-687\">\n\t\t\t\t\t<img loading=\"lazy\" decoding=\"async\" width=\"2048\" height=\"1365\" src=\"https:\/\/fundacjaczassztuki.com\/wp-content\/uploads\/2022\/01\/fapm20.jpg\" class=\"attachment-full size-full\" alt=\"\" srcset=\"https:\/\/fundacjaczassztuki.com\/wp-content\/uploads\/2022\/01\/fapm20.jpg 2048w, https:\/\/fundacjaczassztuki.com\/wp-content\/uploads\/2022\/01\/fapm20-300x200.jpg 300w, https:\/\/fundacjaczassztuki.com\/wp-content\/uploads\/2022\/01\/fapm20-1024x683.jpg 1024w, https:\/\/fundacjaczassztuki.com\/wp-content\/uploads\/2022\/01\/fapm20-768x512.jpg 768w, https:\/\/fundacjaczassztuki.com\/wp-content\/uploads\/2022\/01\/fapm20-1536x1024.jpg 1536w, https:\/\/fundacjaczassztuki.com\/wp-content\/uploads\/2022\/01\/fapm20-700x467.jpg 700w\" sizes=\"auto, (max-width: 2048px) 100vw, 2048px\" \/>\t\t\t\t\t<\/a>\n\t\t\t<\/div>\n<\/div>\n<div class=\"qodef-e qodef-image-wrapper qodef-grid-item\">\n\t<div class=\"qodef-e-inner\">\n\t\t\t\t\t<a class=\"qodef-popup-item\" itemprop=\"image\" href=\"https:\/\/fundacjaczassztuki.com\/wp-content\/uploads\/2022\/01\/fapm21.jpg\" data-type=\"image\" data-fslightbox=\"gallery-687\">\n\t\t\t\t\t<img loading=\"lazy\" decoding=\"async\" width=\"2048\" height=\"1365\" src=\"https:\/\/fundacjaczassztuki.com\/wp-content\/uploads\/2022\/01\/fapm21.jpg\" class=\"attachment-full size-full\" alt=\"\" srcset=\"https:\/\/fundacjaczassztuki.com\/wp-content\/uploads\/2022\/01\/fapm21.jpg 2048w, https:\/\/fundacjaczassztuki.com\/wp-content\/uploads\/2022\/01\/fapm21-300x200.jpg 300w, https:\/\/fundacjaczassztuki.com\/wp-content\/uploads\/2022\/01\/fapm21-1024x683.jpg 1024w, https:\/\/fundacjaczassztuki.com\/wp-content\/uploads\/2022\/01\/fapm21-768x512.jpg 768w, https:\/\/fundacjaczassztuki.com\/wp-content\/uploads\/2022\/01\/fapm21-1536x1024.jpg 1536w, https:\/\/fundacjaczassztuki.com\/wp-content\/uploads\/2022\/01\/fapm21-700x467.jpg 700w\" sizes=\"auto, (max-width: 2048px) 100vw, 2048px\" \/>\t\t\t\t\t<\/a>\n\t\t\t<\/div>\n<\/div>\n\t<\/div>\n<\/div>\n\t\t<\/div>\n\t\t\t\t<\/div>\n\t\t\t\t\t<\/div>\n\t\t<\/div>\n\t\t\t\t\t\t\t<\/div>\n\t\t<\/section>\n\t\t\t\t<section class=\"elementor-section elementor-top-section elementor-element elementor-element-76a6b18 elementor-section-boxed elementor-section-height-default elementor-section-height-default parallax_section_no qode_elementor_container_no\" data-id=\"76a6b18\" data-element_type=\"section\">\n\t\t\t\t\t\t<div class=\"elementor-container elementor-column-gap-default\">\n\t\t\t\t\t<div class=\"elementor-column elementor-col-100 elementor-top-column elementor-element elementor-element-e73e17c\" data-id=\"e73e17c\" data-element_type=\"column\">\n\t\t\t<div class=\"elementor-widget-wrap elementor-element-populated\">\n\t\t\t\t\t\t\t\t<div class=\"elementor-element elementor-element-241f256 elementor-widget elementor-widget-spacer\" data-id=\"241f256\" data-element_type=\"widget\" data-widget_type=\"spacer.default\">\n\t\t\t\t<div class=\"elementor-widget-container\">\n\t\t\t\t\t<div class=\"elementor-spacer\">\n\t\t\t<div class=\"elementor-spacer-inner\"><\/div>\n\t\t<\/div>\n\t\t\t\t<\/div>\n\t\t\t\t<\/div>\n\t\t\t\t\t<\/div>\n\t\t<\/div>\n\t\t\t\t\t\t\t<\/div>\n\t\t<\/section>\n\t\t\t\t\t\t<\/div>\n\t\t\t\t\t<\/div>\n\t\t","protected":false},"excerpt":{"rendered":"<p>Pierwsza edycja Festiwalu Artystycznego Powiatu Mi\u0144skiego odby\u0142a si\u0119\u00a0w 2021 roku. Festiwal mia\u0142 na celu organizacj\u0119 wydarze\u0144 artystycznych w ca\u0142ym powiecie mi\u0144skim &#8211; po jednym wydarzeniu w ka\u017cdej z trzynastu gmin powiatu mi\u0144skiego &#8211; czyli 13 wydarze\u0144 artystycznych w ramach ca\u0142ego&#8230;<\/p>\n","protected":false},"author":1,"featured_media":0,"parent":0,"menu_order":0,"comment_status":"closed","ping_status":"closed","template":"","meta":{"footnotes":""},"class_list":["post-832","page","type-page","status-publish","hentry"],"yoast_head":"<!-- This site is optimized with the Yoast SEO plugin v18.0 - https:\/\/yoast.com\/wordpress\/plugins\/seo\/ -->\n<title>Festiwal Artystyczny Powiatu Mi\u0144skiego - Fundacja Czas Sztuki<\/title>\n<meta name=\"robots\" content=\"index, follow, max-snippet:-1, max-image-preview:large, max-video-preview:-1\" \/>\n<link rel=\"canonical\" href=\"https:\/\/fundacjaczassztuki.com\/?page_id=832\" \/>\n<meta property=\"og:locale\" content=\"pl_PL\" \/>\n<meta property=\"og:type\" content=\"article\" \/>\n<meta property=\"og:title\" content=\"Festiwal Artystyczny Powiatu Mi\u0144skiego - Fundacja Czas Sztuki\" \/>\n<meta property=\"og:description\" content=\"Pierwsza edycja Festiwalu Artystycznego Powiatu Mi\u0144skiego odby\u0142a si\u0119\u00a0w 2021 roku. Festiwal mia\u0142 na celu organizacj\u0119 wydarze\u0144 artystycznych w ca\u0142ym powiecie mi\u0144skim &#8211; po jednym wydarzeniu w ka\u017cdej z trzynastu gmin powiatu mi\u0144skiego &#8211; czyli 13 wydarze\u0144 artystycznych w ramach ca\u0142ego...\" \/>\n<meta property=\"og:url\" content=\"https:\/\/fundacjaczassztuki.com\/?page_id=832\" \/>\n<meta property=\"og:site_name\" content=\"Fundacja Czas Sztuki\" \/>\n<meta property=\"article:publisher\" content=\"https:\/\/www.facebook.com\/fundacjaczassztuki\" \/>\n<meta property=\"article:modified_time\" content=\"2022-01-27T15:32:12+00:00\" \/>\n<meta property=\"og:image\" content=\"https:\/\/fundacjaczassztuki.com\/wp-content\/uploads\/2022\/01\/fapm-ogolny.png\" \/>\n<meta name=\"twitter:card\" content=\"summary_large_image\" \/>\n<script type=\"application\/ld+json\" class=\"yoast-schema-graph\">{\"@context\":\"https:\/\/schema.org\",\"@graph\":[{\"@type\":\"WebSite\",\"@id\":\"https:\/\/fundacjaczassztuki.com\/#website\",\"url\":\"https:\/\/fundacjaczassztuki.com\/\",\"name\":\"Fundacja Czas Sztuki\",\"description\":\"Kultura Blisko Ciebie!\",\"potentialAction\":[{\"@type\":\"SearchAction\",\"target\":{\"@type\":\"EntryPoint\",\"urlTemplate\":\"https:\/\/fundacjaczassztuki.com\/?s={search_term_string}\"},\"query-input\":\"required name=search_term_string\"}],\"inLanguage\":\"pl-PL\"},{\"@type\":\"ImageObject\",\"@id\":\"https:\/\/fundacjaczassztuki.com\/?page_id=832#primaryimage\",\"inLanguage\":\"pl-PL\",\"url\":\"https:\/\/fundacjaczassztuki.com\/wp-content\/uploads\/2022\/01\/fapm-ogolny.png\",\"contentUrl\":\"https:\/\/fundacjaczassztuki.com\/wp-content\/uploads\/2022\/01\/fapm-ogolny.png\",\"width\":1080,\"height\":764,\"caption\":\"Festiwal Artystyczny Powiatu Mi\u0144skiego\"},{\"@type\":\"WebPage\",\"@id\":\"https:\/\/fundacjaczassztuki.com\/?page_id=832#webpage\",\"url\":\"https:\/\/fundacjaczassztuki.com\/?page_id=832\",\"name\":\"Festiwal Artystyczny Powiatu Mi\u0144skiego - Fundacja Czas Sztuki\",\"isPartOf\":{\"@id\":\"https:\/\/fundacjaczassztuki.com\/#website\"},\"primaryImageOfPage\":{\"@id\":\"https:\/\/fundacjaczassztuki.com\/?page_id=832#primaryimage\"},\"datePublished\":\"2022-01-27T15:16:24+00:00\",\"dateModified\":\"2022-01-27T15:32:12+00:00\",\"breadcrumb\":{\"@id\":\"https:\/\/fundacjaczassztuki.com\/?page_id=832#breadcrumb\"},\"inLanguage\":\"pl-PL\",\"potentialAction\":[{\"@type\":\"ReadAction\",\"target\":[\"https:\/\/fundacjaczassztuki.com\/?page_id=832\"]}]},{\"@type\":\"BreadcrumbList\",\"@id\":\"https:\/\/fundacjaczassztuki.com\/?page_id=832#breadcrumb\",\"itemListElement\":[{\"@type\":\"ListItem\",\"position\":1,\"name\":\"Strona g\u0142\u00f3wna\",\"item\":\"https:\/\/fundacjaczassztuki.com\/\"},{\"@type\":\"ListItem\",\"position\":2,\"name\":\"Festiwal Artystyczny Powiatu Mi\u0144skiego\"}]}]}<\/script>\n<!-- \/ Yoast SEO plugin. -->","yoast_head_json":{"title":"Festiwal Artystyczny Powiatu Mi\u0144skiego - Fundacja Czas Sztuki","robots":{"index":"index","follow":"follow","max-snippet":"max-snippet:-1","max-image-preview":"max-image-preview:large","max-video-preview":"max-video-preview:-1"},"canonical":"https:\/\/fundacjaczassztuki.com\/?page_id=832","og_locale":"pl_PL","og_type":"article","og_title":"Festiwal Artystyczny Powiatu Mi\u0144skiego - Fundacja Czas Sztuki","og_description":"Pierwsza edycja Festiwalu Artystycznego Powiatu Mi\u0144skiego odby\u0142a si\u0119\u00a0w 2021 roku. Festiwal mia\u0142 na celu organizacj\u0119 wydarze\u0144 artystycznych w ca\u0142ym powiecie mi\u0144skim &#8211; po jednym wydarzeniu w ka\u017cdej z trzynastu gmin powiatu mi\u0144skiego &#8211; czyli 13 wydarze\u0144 artystycznych w ramach ca\u0142ego...","og_url":"https:\/\/fundacjaczassztuki.com\/?page_id=832","og_site_name":"Fundacja Czas Sztuki","article_publisher":"https:\/\/www.facebook.com\/fundacjaczassztuki","article_modified_time":"2022-01-27T15:32:12+00:00","og_image":[{"url":"https:\/\/fundacjaczassztuki.com\/wp-content\/uploads\/2022\/01\/fapm-ogolny.png"}],"twitter_card":"summary_large_image","schema":{"@context":"https:\/\/schema.org","@graph":[{"@type":"WebSite","@id":"https:\/\/fundacjaczassztuki.com\/#website","url":"https:\/\/fundacjaczassztuki.com\/","name":"Fundacja Czas Sztuki","description":"Kultura Blisko Ciebie!","potentialAction":[{"@type":"SearchAction","target":{"@type":"EntryPoint","urlTemplate":"https:\/\/fundacjaczassztuki.com\/?s={search_term_string}"},"query-input":"required name=search_term_string"}],"inLanguage":"pl-PL"},{"@type":"ImageObject","@id":"https:\/\/fundacjaczassztuki.com\/?page_id=832#primaryimage","inLanguage":"pl-PL","url":"https:\/\/fundacjaczassztuki.com\/wp-content\/uploads\/2022\/01\/fapm-ogolny.png","contentUrl":"https:\/\/fundacjaczassztuki.com\/wp-content\/uploads\/2022\/01\/fapm-ogolny.png","width":1080,"height":764,"caption":"Festiwal Artystyczny Powiatu Mi\u0144skiego"},{"@type":"WebPage","@id":"https:\/\/fundacjaczassztuki.com\/?page_id=832#webpage","url":"https:\/\/fundacjaczassztuki.com\/?page_id=832","name":"Festiwal Artystyczny Powiatu Mi\u0144skiego - Fundacja Czas Sztuki","isPartOf":{"@id":"https:\/\/fundacjaczassztuki.com\/#website"},"primaryImageOfPage":{"@id":"https:\/\/fundacjaczassztuki.com\/?page_id=832#primaryimage"},"datePublished":"2022-01-27T15:16:24+00:00","dateModified":"2022-01-27T15:32:12+00:00","breadcrumb":{"@id":"https:\/\/fundacjaczassztuki.com\/?page_id=832#breadcrumb"},"inLanguage":"pl-PL","potentialAction":[{"@type":"ReadAction","target":["https:\/\/fundacjaczassztuki.com\/?page_id=832"]}]},{"@type":"BreadcrumbList","@id":"https:\/\/fundacjaczassztuki.com\/?page_id=832#breadcrumb","itemListElement":[{"@type":"ListItem","position":1,"name":"Strona g\u0142\u00f3wna","item":"https:\/\/fundacjaczassztuki.com\/"},{"@type":"ListItem","position":2,"name":"Festiwal Artystyczny Powiatu Mi\u0144skiego"}]}]}},"_links":{"self":[{"href":"https:\/\/fundacjaczassztuki.com\/index.php?rest_route=\/wp\/v2\/pages\/832","targetHints":{"allow":["GET"]}}],"collection":[{"href":"https:\/\/fundacjaczassztuki.com\/index.php?rest_route=\/wp\/v2\/pages"}],"about":[{"href":"https:\/\/fundacjaczassztuki.com\/index.php?rest_route=\/wp\/v2\/types\/page"}],"author":[{"embeddable":true,"href":"https:\/\/fundacjaczassztuki.com\/index.php?rest_route=\/wp\/v2\/users\/1"}],"replies":[{"embeddable":true,"href":"https:\/\/fundacjaczassztuki.com\/index.php?rest_route=%2Fwp%2Fv2%2Fcomments&post=832"}],"version-history":[{"count":4,"href":"https:\/\/fundacjaczassztuki.com\/index.php?rest_route=\/wp\/v2\/pages\/832\/revisions"}],"predecessor-version":[{"id":862,"href":"https:\/\/fundacjaczassztuki.com\/index.php?rest_route=\/wp\/v2\/pages\/832\/revisions\/862"}],"wp:attachment":[{"href":"https:\/\/fundacjaczassztuki.com\/index.php?rest_route=%2Fwp%2Fv2%2Fmedia&parent=832"}],"curies":[{"name":"wp","href":"https:\/\/api.w.org\/{rel}","templated":true}]}}